{"id":15575,"date":"2023-05-30T18:59:04","date_gmt":"2023-05-30T16:59:04","guid":{"rendered":"https:\/\/espoopaiva.fi\/event\/tahtikirkas-yo\/"},"modified":"2023-08-23T09:04:16","modified_gmt":"2023-08-23T07:04:16","slug":"radalla-festival-concert-starry-night-tahtikirkas-yo-at-espoo-lutheran-church","status":"publish","type":"event_listing","link":"https:\/\/espoopaiva.fi\/en\/event\/radalla-festival-concert-starry-night-tahtikirkas-yo-at-espoo-lutheran-church\/","title":{"rendered":"RADALLA Festival Concert: T\u00e4htikirkas y\u00f6 (Starry Night) at Espoo Lutheran Church"},"content":{"rendered":"<p>RADALLA-festivaalin avajaiskonsertti j\u00e4rjestet\u00e4\u00e4n osana Espoo-p\u00e4iv\u00e4n juhlintaa perjantaina 25.8. klo 21. Illan pimetess\u00e4 konsertti kutsuu yleis\u00f6n viett\u00e4m\u00e4\u00e4n iltansa tunnelmallisessa Espoon tuomiokirkossa kamarimusiikin raikuessa. My\u00f6h\u00e4isillan konsertissa on aivan erityinen ja intiimi tunnelmansa.<\/p>\n<p>Avajaiskonsertissa nuoruus n\u00e4kyy paitsi esiintyjien my\u00f6s s\u00e4velt\u00e4jien i\u00e4ss\u00e4. Sek\u00e4 Arnold Sch\u00f6nberg ett\u00e4 Erich Korngold ovat s\u00e4velt\u00e4neet teoksensa parikymppisin\u00e4.<\/p>\n<p>Taiteellisille johtajille Artturi Aallolle Sch\u00f6nbergin Verkl\u00e4rte Nachtilla on aivan erityinen merkitys, ja Iivari Aalto lupaa, ett\u00e4 festarin avauksessa menn\u00e4\u00e4n suoraan syv\u00e4\u00e4n p\u00e4\u00e4tyyn.<\/p>\n<p>Lue tarkka tapahtumakuvaus festivaalin omilta sivuilta <a href=\"https:\/\/www.radallafestivaali.fi\/event-details-registration\/tahtikirkas-yo\">t\u00e4\u00e4lt\u00e4<\/a>!<\/p>\n<p><strong>Liput konserttiin helposti <a href=\"https:\/\/biletti.fi\/tapahtumat\/radallafestivaali\">Biletti.fi<\/a> tai ovelta tuntia ennen konserttia.<\/strong><\/p>\n<p><strong>OHJELMA<br \/>\n<\/strong><strong>Erich Korngold: <\/strong> Vier Lieder des Abschieds Op. 14<br \/>\nIV &#8220;Gefa\u00dfter Abschied&#8221;<br \/>\nIII &#8220;Mond, so gehst du wieder auf&#8221;<br \/>\n<strong style=\"font-size: revert; color: initial;\">Erich Korngold:<\/strong><span style=\"font-size: revert; color: initial;\">Drei Lieder Op. 22<br \/>\n<\/span>I &#8220;Was du mir bist?&#8221;<br \/>\n<strong>Arnold Sch\u00f6nberg:<\/strong> Verkl\u00e4rte Nacht Op. 4<\/p>\n<p><strong>Esiintyj\u00e4t:<br \/>\n<\/strong>Eleriin M\u00fc\u00fcripeal, sopraano<br \/>\nIivari Aalto, piano<br \/>\nKasmir Uusitupa, viulu<br \/>\nRebecca Roozeman, viulu<br \/>\nCharlotta Westerback, alttoviulu<br \/>\nAlexander Pozdniakovas, alttoviulu<br \/>\nArtturi Aalto, sello<br \/>\nTatu Kauppinen, sello<\/p>\n<p><strong>RADALLA-festivaali<\/strong> on uusi espoolainen kamarimusiikkifestivaali, joka ker\u00e4\u00e4 yhteen jo kauan toisensa tunteneet nuoret muusikot tarjoten viikonlopun t\u00e4ydelt\u00e4 koskettavaa kamarimusiikkia Espoossa 25.-27. elokuuta 2023. Festivaalin aikana kuullaan tyylilt\u00e4\u00e4n viisi erilaista konserttia.<\/p>\n<p>Tapahtuman tarkoituksena on kutsua kuulijoita matalalla kynnyksell\u00e4 poikkeamaan klassisen musiikin konsertteihin. Welcome!<\/p>\n<p>Kuva: Vincent van Gogh: T\u00e4htikirkas y\u00f6 \/ Christopher S. Penn \/ CC BY 2.0.<\/p>\n<p><b><span data-contrast=\"auto\">EN<\/span><\/b><span data-ccp-props=\"{\"201341983\":0,\"335559739\":160,\"335559740\":259}\"> <\/span><\/p>\n<p><span data-contrast=\"auto\">RADALLA- chamber music festival\u2019s opening concert Starry night (T\u00e4htikirkas y\u00f6) in Espoo Lutheran Church. This late evening\u2019s concert welcomes you to enjoy the young musicians compositions. Buy your tickets here or at the venue an hour before the concert.<\/span><span data-ccp-props=\"{\"201341983\":0,\"335559739\":160,\"335559740\":259}\"> <\/span><\/p>\n<p><b><span data-contrast=\"auto\">SV<\/span><\/b><span data-ccp-props=\"{\"201341983\":0,\"335559739\":160,\"335559740\":259}\"> <\/span><\/p>\n<p><span data-contrast=\"auto\">Festivalen RADALLAs konsert Stj\u00e4rnklar natt med kammarmusik h\u00e5lls i Esbo domkyrka. Festivalens \u00f6ppningskonsert bjuder in lyssnarna att njuta av unga musikers kompositioner och st\u00e4mningar. K\u00f6p din biljett h\u00e4r eller vid d\u00f6rren en timme f\u00f6re konserten.<\/span><span data-ccp-props=\"{\"201341983\":0,\"335551550\":0,\"335551620\":0,\"335559739\":160,\"335559740\":259}\"> <\/span><\/p>\n","protected":false},"featured_media":12790,"template":"","meta":{"inline_featured_image":false},"event_listing_category":[83],"event_listing_type":[],"class_list":["post-15575","event_listing","type-event_listing","status-publish","has-post-thumbnail","hentry","event_listing_category-music-en"],"yoast_head":"<!-- This site is optimized with the Yoast SEO plugin v20.12 - https:\/\/yoast.com\/wordpress\/plugins\/seo\/ -->\n<title>RADALLA Festival Concert: T\u00e4htikirkas y\u00f6 (Starry Night) at Espoo Lutheran Church | Espoo-p\u00e4iv\u00e4<\/title>\n<meta name=\"robots\" content=\"index, follow, max-snippet:-1, max-image-preview:large, max-video-preview:-1\" \/>\n<link rel=\"canonical\" href=\"https:\/\/espoopaiva.fi\/en\/event\/radalla-festival-concert-starry-night-tahtikirkas-yo-at-espoo-lutheran-church\/\" \/>\n<meta property=\"og:locale\" content=\"en_US\" \/>\n<meta property=\"og:type\" content=\"article\" \/>\n<meta property=\"og:title\" content=\"RADALLA Festival Concert: T\u00e4htikirkas y\u00f6 (Starry Night) at Espoo Lutheran Church | Espoo-p\u00e4iv\u00e4\" \/>\n<meta property=\"og:description\" content=\"RADALLA-festivaalin avajaiskonsertti j\u00e4rjestet\u00e4\u00e4n osana Espoo-p\u00e4iv\u00e4n juhlintaa perjantaina 25.8. klo 21. Illan pimetess\u00e4 konsertti kutsuu yleis\u00f6n viett\u00e4m\u00e4\u00e4n iltansa tunnelmallisessa Espoon tuomiokirkossa kamarimusiikin raikuessa. My\u00f6h\u00e4isillan konsertissa on aivan erityinen ja intiimi tunnelmansa. Avajaiskonsertissa nuoruus n\u00e4kyy paitsi esiintyjien my\u00f6s s\u00e4velt\u00e4jien i\u00e4ss\u00e4. Sek\u00e4 Arnold Sch\u00f6nberg ett\u00e4 Erich Korngold ovat s\u00e4velt\u00e4neet teoksensa parikymppisin\u00e4. Taiteellisille johtajille Artturi Aallolle Sch\u00f6nbergin Verkl\u00e4rte Nachtilla [&hellip;]\" \/>\n<meta property=\"og:url\" content=\"https:\/\/espoopaiva.fi\/en\/event\/radalla-festival-concert-starry-night-tahtikirkas-yo-at-espoo-lutheran-church\/\" \/>\n<meta property=\"og:site_name\" content=\"Espoo-p\u00e4iv\u00e4\" \/>\n<meta property=\"article:modified_time\" content=\"2023-08-23T07:04:16+00:00\" \/>\n<meta property=\"og:image\" content=\"https:\/\/espoopaiva.fi\/wp-content\/uploads\/2023\/05\/130cd595-68e0-4351-a497-d6b7354fae92.jpg\" \/>\n\t<meta property=\"og:image:width\" content=\"1787\" \/>\n\t<meta property=\"og:image:height\" content=\"1005\" \/>\n\t<meta property=\"og:image:type\" content=\"image\/jpeg\" \/>\n<meta name=\"twitter:card\" content=\"summary_large_image\" \/>\n<meta name=\"twitter:label1\" content=\"Est. reading time\" \/>\n\t<meta name=\"twitter:data1\" content=\"2 minutes\" \/>\n<script type=\"application\/ld+json\" class=\"yoast-schema-graph\">{\"@context\":\"https:\/\/schema.org\",\"@graph\":[{\"@type\":\"WebPage\",\"@id\":\"https:\/\/espoopaiva.fi\/en\/event\/radalla-festival-concert-starry-night-tahtikirkas-yo-at-espoo-lutheran-church\/\",\"url\":\"https:\/\/espoopaiva.fi\/en\/event\/radalla-festival-concert-starry-night-tahtikirkas-yo-at-espoo-lutheran-church\/\",\"name\":\"RADALLA Festival Concert: T\u00e4htikirkas y\u00f6 (Starry Night) at Espoo Lutheran Church | Espoo-p\u00e4iv\u00e4\",\"isPartOf\":{\"@id\":\"https:\/\/espoopaiva.fi\/en\/#website\"},\"datePublished\":\"2023-05-30T16:59:04+00:00\",\"dateModified\":\"2023-08-23T07:04:16+00:00\",\"breadcrumb\":{\"@id\":\"https:\/\/espoopaiva.fi\/en\/event\/radalla-festival-concert-starry-night-tahtikirkas-yo-at-espoo-lutheran-church\/#breadcrumb\"},\"inLanguage\":\"en-US\",\"potentialAction\":[{\"@type\":\"ReadAction\",\"target\":[\"https:\/\/espoopaiva.fi\/en\/event\/radalla-festival-concert-starry-night-tahtikirkas-yo-at-espoo-lutheran-church\/\"]}]},{\"@type\":\"BreadcrumbList\",\"@id\":\"https:\/\/espoopaiva.fi\/en\/event\/radalla-festival-concert-starry-night-tahtikirkas-yo-at-espoo-lutheran-church\/#breadcrumb\",\"itemListElement\":[{\"@type\":\"ListItem\",\"position\":1,\"name\":\"Etusivu\",\"item\":\"https:\/\/espoopaiva.fi\/en\/etusivu\/\"},{\"@type\":\"ListItem\",\"position\":2,\"name\":\"RADALLA Festival Concert: T\u00e4htikirkas y\u00f6 (Starry Night) at Espoo Lutheran Church\"}]},{\"@type\":\"WebSite\",\"@id\":\"https:\/\/espoopaiva.fi\/en\/#website\",\"url\":\"https:\/\/espoopaiva.fi\/en\/\",\"name\":\"Espoo-p\u00e4iv\u00e4\",\"description\":\"\",\"potentialAction\":[{\"@type\":\"SearchAction\",\"target\":{\"@type\":\"EntryPoint\",\"urlTemplate\":\"https:\/\/espoopaiva.fi\/en\/?s={search_term_string}\"},\"query-input\":\"required name=search_term_string\"}],\"inLanguage\":\"en-US\"}]}<\/script>\n<!-- \/ Yoast SEO plugin. -->","yoast_head_json":{"title":"RADALLA Festival Concert: T\u00e4htikirkas y\u00f6 (Starry Night) at Espoo Lutheran Church | Espoo-p\u00e4iv\u00e4","robots":{"index":"index","follow":"follow","max-snippet":"max-snippet:-1","max-image-preview":"max-image-preview:large","max-video-preview":"max-video-preview:-1"},"canonical":"https:\/\/espoopaiva.fi\/en\/event\/radalla-festival-concert-starry-night-tahtikirkas-yo-at-espoo-lutheran-church\/","og_locale":"en_US","og_type":"article","og_title":"RADALLA Festival Concert: T\u00e4htikirkas y\u00f6 (Starry Night) at Espoo Lutheran Church | Espoo-p\u00e4iv\u00e4","og_description":"RADALLA-festivaalin avajaiskonsertti j\u00e4rjestet\u00e4\u00e4n osana Espoo-p\u00e4iv\u00e4n juhlintaa perjantaina 25.8. klo 21. Illan pimetess\u00e4 konsertti kutsuu yleis\u00f6n viett\u00e4m\u00e4\u00e4n iltansa tunnelmallisessa Espoon tuomiokirkossa kamarimusiikin raikuessa. My\u00f6h\u00e4isillan konsertissa on aivan erityinen ja intiimi tunnelmansa. Avajaiskonsertissa nuoruus n\u00e4kyy paitsi esiintyjien my\u00f6s s\u00e4velt\u00e4jien i\u00e4ss\u00e4. Sek\u00e4 Arnold Sch\u00f6nberg ett\u00e4 Erich Korngold ovat s\u00e4velt\u00e4neet teoksensa parikymppisin\u00e4. Taiteellisille johtajille Artturi Aallolle Sch\u00f6nbergin Verkl\u00e4rte Nachtilla [&hellip;]","og_url":"https:\/\/espoopaiva.fi\/en\/event\/radalla-festival-concert-starry-night-tahtikirkas-yo-at-espoo-lutheran-church\/","og_site_name":"Espoo-p\u00e4iv\u00e4","article_modified_time":"2023-08-23T07:04:16+00:00","og_image":[{"width":1787,"height":1005,"url":"https:\/\/espoopaiva.fi\/wp-content\/uploads\/2023\/05\/130cd595-68e0-4351-a497-d6b7354fae92.jpg","type":"image\/jpeg"}],"twitter_card":"summary_large_image","twitter_misc":{"Est. reading time":"2 minutes"},"schema":{"@context":"https:\/\/schema.org","@graph":[{"@type":"WebPage","@id":"https:\/\/espoopaiva.fi\/en\/event\/radalla-festival-concert-starry-night-tahtikirkas-yo-at-espoo-lutheran-church\/","url":"https:\/\/espoopaiva.fi\/en\/event\/radalla-festival-concert-starry-night-tahtikirkas-yo-at-espoo-lutheran-church\/","name":"RADALLA Festival Concert: T\u00e4htikirkas y\u00f6 (Starry Night) at Espoo Lutheran Church | Espoo-p\u00e4iv\u00e4","isPartOf":{"@id":"https:\/\/espoopaiva.fi\/en\/#website"},"datePublished":"2023-05-30T16:59:04+00:00","dateModified":"2023-08-23T07:04:16+00:00","breadcrumb":{"@id":"https:\/\/espoopaiva.fi\/en\/event\/radalla-festival-concert-starry-night-tahtikirkas-yo-at-espoo-lutheran-church\/#breadcrumb"},"inLanguage":"en-US","potentialAction":[{"@type":"ReadAction","target":["https:\/\/espoopaiva.fi\/en\/event\/radalla-festival-concert-starry-night-tahtikirkas-yo-at-espoo-lutheran-church\/"]}]},{"@type":"BreadcrumbList","@id":"https:\/\/espoopaiva.fi\/en\/event\/radalla-festival-concert-starry-night-tahtikirkas-yo-at-espoo-lutheran-church\/#breadcrumb","itemListElement":[{"@type":"ListItem","position":1,"name":"Etusivu","item":"https:\/\/espoopaiva.fi\/en\/etusivu\/"},{"@type":"ListItem","position":2,"name":"RADALLA Festival Concert: T\u00e4htikirkas y\u00f6 (Starry Night) at Espoo Lutheran Church"}]},{"@type":"WebSite","@id":"https:\/\/espoopaiva.fi\/en\/#website","url":"https:\/\/espoopaiva.fi\/en\/","name":"Espoo-p\u00e4iv\u00e4","description":"","potentialAction":[{"@type":"SearchAction","target":{"@type":"EntryPoint","urlTemplate":"https:\/\/espoopaiva.fi\/en\/?s={search_term_string}"},"query-input":"required name=search_term_string"}],"inLanguage":"en-US"}]}},"_links":{"self":[{"href":"https:\/\/espoopaiva.fi\/en\/wp-json\/wp\/v2\/event_listing\/15575","targetHints":{"allow":["GET"]}}],"collection":[{"href":"https:\/\/espoopaiva.fi\/en\/wp-json\/wp\/v2\/event_listing"}],"about":[{"href":"https:\/\/espoopaiva.fi\/en\/wp-json\/wp\/v2\/types\/event_listing"}],"wp:featuredmedia":[{"embeddable":true,"href":"https:\/\/espoopaiva.fi\/en\/wp-json\/wp\/v2\/media\/12790"}],"wp:attachment":[{"href":"https:\/\/espoopaiva.fi\/en\/wp-json\/wp\/v2\/media?parent=15575"}],"wp:term":[{"taxonomy":"event_listing_category","embeddable":true,"href":"https:\/\/espoopaiva.fi\/en\/wp-json\/wp\/v2\/event_listing_category?post=15575"},{"taxonomy":"event_listing_type","embeddable":true,"href":"https:\/\/espoopaiva.fi\/en\/wp-json\/wp\/v2\/event_listing_type?post=15575"}],"curies":[{"name":"wp","href":"https:\/\/api.w.org\/{rel}","templated":true}]}}