{"id":11927,"date":"2022-05-12T14:59:48","date_gmt":"2022-05-12T12:59:48","guid":{"rendered":"https:\/\/espoopaiva.fi\/?page_id=11927"},"modified":"2025-04-17T12:49:02","modified_gmt":"2025-04-17T10:49:02","slug":"aktuellt","status":"publish","type":"page","link":"https:\/\/espoopaiva.fi\/sv\/aktuellt\/","title":{"rendered":"Aktuellt"},"content":{"rendered":"\t\t<div data-elementor-type=\"wp-page\" data-elementor-id=\"11927\" class=\"elementor elementor-11927 elementor-6395\" data-elementor-post-type=\"page\">\n\t\t\t\t\t\t\t\t\t<section class=\"elementor-section elementor-top-section elementor-element elementor-element-7258e01 elementor-section-height-min-height elementor-section-items-stretch elementor-section-content-middle elementor-section-full_width elementor-section-stretched elementor-section-height-default\" data-id=\"7258e01\" data-element_type=\"section\" data-settings=\"{&quot;background_background&quot;:&quot;classic&quot;,&quot;stretch_section&quot;:&quot;section-stretched&quot;}\">\n\t\t\t\t\t\t<div class=\"elementor-container elementor-column-gap-no\">\n\t\t\t\t\t<div class=\"elementor-column elementor-col-100 elementor-top-column elementor-element elementor-element-d0eb3cf\" data-id=\"d0eb3cf\" data-element_type=\"column\">\n\t\t\t<div class=\"elementor-widget-wrap elementor-element-populated\">\n\t\t\t\t\t\t\t\t<div class=\"elementor-element elementor-element-04fef54 elementor-widget__width-initial elementor-widget elementor-widget-heading\" data-id=\"04fef54\" data-element_type=\"widget\" data-widget_type=\"heading.default\">\n\t\t\t\t<div class=\"elementor-widget-container\">\n\t\t\t<h3 class=\"elementor-heading-title elementor-size-default\">Aktuellt<\/h3>\t\t<\/div>\n\t\t\t\t<\/div>\n\t\t\t\t\t<\/div>\n\t\t<\/div>\n\t\t\t\t\t\t\t<\/div>\n\t\t<\/section>\n\t\t\t\t<section class=\"elementor-section elementor-top-section elementor-element elementor-element-f61d4a1 elementor-section-height-min-height elementor-section-items-stretch elementor-section-content-middle elementor-section-full_width elementor-section-stretched elementor-section-height-default\" data-id=\"f61d4a1\" data-element_type=\"section\" data-settings=\"{&quot;background_background&quot;:&quot;classic&quot;,&quot;stretch_section&quot;:&quot;section-stretched&quot;}\">\n\t\t\t\t\t\t<div class=\"elementor-container elementor-column-gap-no\">\n\t\t\t\t\t<div class=\"elementor-column elementor-col-100 elementor-top-column elementor-element elementor-element-55d016d\" data-id=\"55d016d\" data-element_type=\"column\">\n\t\t\t<div class=\"elementor-widget-wrap elementor-element-populated\">\n\t\t\t\t\t\t\t\t<div class=\"elementor-element elementor-element-6eb2fc9 elementor-grid-4 elementor-grid-tablet-3 elementor-grid-mobile-1 elementor-posts--thumbnail-top elementor-posts__hover-gradient elementor-widget elementor-widget-posts\" data-id=\"6eb2fc9\" data-element_type=\"widget\" data-settings=\"{&quot;cards_row_gap&quot;:{&quot;unit&quot;:&quot;px&quot;,&quot;size&quot;:26,&quot;sizes&quot;:[]},&quot;cards_row_gap_mobile&quot;:{&quot;unit&quot;:&quot;px&quot;,&quot;size&quot;:50,&quot;sizes&quot;:[]},&quot;cards_columns&quot;:&quot;4&quot;,&quot;cards_columns_tablet&quot;:&quot;3&quot;,&quot;cards_row_gap_tablet&quot;:{&quot;unit&quot;:&quot;px&quot;,&quot;size&quot;:23,&quot;sizes&quot;:[]},&quot;cards_columns_mobile&quot;:&quot;1&quot;}\" data-widget_type=\"posts.cards\">\n\t\t\t\t<div class=\"elementor-widget-container\">\n\t\t\t\t\t<div class=\"elementor-posts-container elementor-posts elementor-posts--skin-cards elementor-grid\">\n\t\t\t\t<article class=\"elementor-post elementor-grid-item post-20280 post type-post status-publish format-standard has-post-thumbnail hentry category-aktuellt\">\n\t\t\t<div class=\"elementor-post__card\">\n\t\t\t\t<a class=\"elementor-post__thumbnail__link\" href=\"https:\/\/espoopaiva.fi\/sv\/over-200-evenemang-under-esbodagen-2025-tack-till-alla-besokare-och-arrangorer\/\" ><div class=\"elementor-post__thumbnail\"><img loading=\"lazy\" decoding=\"async\" width=\"2560\" height=\"1707\" src=\"https:\/\/espoopaiva.fi\/wp-content\/uploads\/2025\/09\/KON_0388-scaled.jpg\" class=\"attachment-full size-full wp-image-20270\" alt=\"\" srcset=\"https:\/\/espoopaiva.fi\/wp-content\/uploads\/2025\/09\/KON_0388-scaled.jpg 2560w, https:\/\/espoopaiva.fi\/wp-content\/uploads\/2025\/09\/KON_0388-300x200.jpg 300w, https:\/\/espoopaiva.fi\/wp-content\/uploads\/2025\/09\/KON_0388-1024x683.jpg 1024w, https:\/\/espoopaiva.fi\/wp-content\/uploads\/2025\/09\/KON_0388-768x512.jpg 768w, https:\/\/espoopaiva.fi\/wp-content\/uploads\/2025\/09\/KON_0388-1536x1024.jpg 1536w, https:\/\/espoopaiva.fi\/wp-content\/uploads\/2025\/09\/KON_0388-2048x1365.jpg 2048w\" sizes=\"auto, (max-width: 2560px) 100vw, 2560px\" \/><\/div><\/a>\n\t\t\t\t<div class=\"elementor-post__text\">\n\t\t\t\t<h3 class=\"elementor-post__title\">\n\t\t\t<a href=\"https:\/\/espoopaiva.fi\/sv\/over-200-evenemang-under-esbodagen-2025-tack-till-alla-besokare-och-arrangorer\/\" >\n\t\t\t\t\u00d6ver 200 evenemang under Esbodagen 2025 \u2013 tack till alla bes\u00f6kare och arrang\u00f6rer!\t\t\t<\/a>\n\t\t<\/h3>\n\t\t\t\t<div class=\"elementor-post__excerpt\">\n\t\t\t<p>Esbodagen firades \u00e5terigen runt om i staden det sista veckoslutet i augusti. Programmet samlade \u00f6ver 200 evenemang som ordnades av lokala f\u00f6reningar, f\u00f6retag, inv\u00e5nare, olika gemenskaper och Esbo stad sj\u00e4lv.<\/p>\n\t\t<\/div>\n\t\t\t\t<\/div>\n\t\t\t\t<div class=\"elementor-post__meta-data\">\n\t\t\t\t\t<span class=\"elementor-post-date\">\n\t\t\t01\/09\/2025\t\t<\/span>\n\t\t\t\t<\/div>\n\t\t\t\t\t<\/div>\n\t\t<\/article>\n\t\t\t\t<article class=\"elementor-post elementor-grid-item post-20183 post type-post status-publish format-standard has-post-thumbnail hentry category-aktuellt\">\n\t\t\t<div class=\"elementor-post__card\">\n\t\t\t\t<a class=\"elementor-post__thumbnail__link\" href=\"https:\/\/espoopaiva.fi\/sv\/utforska-esbodagens-evenemangskalender-och-hitta-dina-favoriter\/\" ><div class=\"elementor-post__thumbnail\"><img loading=\"lazy\" decoding=\"async\" width=\"2560\" height=\"1707\" src=\"https:\/\/espoopaiva.fi\/wp-content\/uploads\/2025\/07\/1D3_7100-scaled.jpg\" class=\"attachment-full size-full wp-image-20252\" alt=\"\" srcset=\"https:\/\/espoopaiva.fi\/wp-content\/uploads\/2025\/07\/1D3_7100-scaled.jpg 2560w, https:\/\/espoopaiva.fi\/wp-content\/uploads\/2025\/07\/1D3_7100-300x200.jpg 300w, https:\/\/espoopaiva.fi\/wp-content\/uploads\/2025\/07\/1D3_7100-1024x683.jpg 1024w, https:\/\/espoopaiva.fi\/wp-content\/uploads\/2025\/07\/1D3_7100-768x512.jpg 768w, https:\/\/espoopaiva.fi\/wp-content\/uploads\/2025\/07\/1D3_7100-1536x1024.jpg 1536w, https:\/\/espoopaiva.fi\/wp-content\/uploads\/2025\/07\/1D3_7100-2048x1365.jpg 2048w\" sizes=\"auto, (max-width: 2560px) 100vw, 2560px\" \/><\/div><\/a>\n\t\t\t\t<div class=\"elementor-post__text\">\n\t\t\t\t<h3 class=\"elementor-post__title\">\n\t\t\t<a href=\"https:\/\/espoopaiva.fi\/sv\/utforska-esbodagens-evenemangskalender-och-hitta-dina-favoriter\/\" >\n\t\t\t\tUtforska Esbodagens evenemangskalender och hitta dina favoriter!\t\t\t<\/a>\n\t\t<\/h3>\n\t\t\t\t<div class=\"elementor-post__excerpt\">\n\t\t\t<p>Esbodagens evenemangskalender samlar hela festhelgens program! Fredagen den 29 augusti och l\u00f6rdagen den 30 augusti ordnas \u00f6ver hundra olika evenemang runtom i Esbo. Vi rekommenderar att du bekantar dig med<\/p>\n\t\t<\/div>\n\t\t\t\t<\/div>\n\t\t\t\t<div class=\"elementor-post__meta-data\">\n\t\t\t\t\t<span class=\"elementor-post-date\">\n\t\t\t07\/08\/2025\t\t<\/span>\n\t\t\t\t<\/div>\n\t\t\t\t\t<\/div>\n\t\t<\/article>\n\t\t\t\t<article class=\"elementor-post elementor-grid-item post-20003 post type-post status-publish format-standard has-post-thumbnail hentry category-aktuellt\">\n\t\t\t<div class=\"elementor-post__card\">\n\t\t\t\t<a class=\"elementor-post__thumbnail__link\" href=\"https:\/\/espoopaiva.fi\/sv\/anmalan-av-evenemang-till-esbodagen-har-oppnat-2\/\" ><div class=\"elementor-post__thumbnail\"><img loading=\"lazy\" decoding=\"async\" width=\"2560\" height=\"1707\" src=\"https:\/\/espoopaiva.fi\/wp-content\/uploads\/2025\/05\/1DX_3378_JPEG-scaled.jpg\" class=\"attachment-full size-full wp-image-19846\" alt=\"\" srcset=\"https:\/\/espoopaiva.fi\/wp-content\/uploads\/2025\/05\/1DX_3378_JPEG-scaled.jpg 2560w, https:\/\/espoopaiva.fi\/wp-content\/uploads\/2025\/05\/1DX_3378_JPEG-300x200.jpg 300w, https:\/\/espoopaiva.fi\/wp-content\/uploads\/2025\/05\/1DX_3378_JPEG-1024x683.jpg 1024w, https:\/\/espoopaiva.fi\/wp-content\/uploads\/2025\/05\/1DX_3378_JPEG-768x512.jpg 768w, https:\/\/espoopaiva.fi\/wp-content\/uploads\/2025\/05\/1DX_3378_JPEG-1536x1024.jpg 1536w, https:\/\/espoopaiva.fi\/wp-content\/uploads\/2025\/05\/1DX_3378_JPEG-2048x1365.jpg 2048w\" sizes=\"auto, (max-width: 2560px) 100vw, 2560px\" \/><\/div><\/a>\n\t\t\t\t<div class=\"elementor-post__text\">\n\t\t\t\t<h3 class=\"elementor-post__title\">\n\t\t\t<a href=\"https:\/\/espoopaiva.fi\/sv\/anmalan-av-evenemang-till-esbodagen-har-oppnat-2\/\" >\n\t\t\t\tAnm\u00e4lan av evenemang till Esbodagen har \u00f6ppnat!\t\t\t<\/a>\n\t\t<\/h3>\n\t\t\t\t<div class=\"elementor-post__excerpt\">\n\t\t\t<p>Anm\u00e4lan av evenemang till Esbodagen har \u00f6ppnat! Vi skapar \u00e4ven i \u00e5r Esbodagens evenemangskalender i samarbete med Visit Espoo, vilket inneb\u00e4r att evenemang anm\u00e4ls via Visit Espoos webbplats. F\u00f6r att<\/p>\n\t\t<\/div>\n\t\t\t\t<\/div>\n\t\t\t\t<div class=\"elementor-post__meta-data\">\n\t\t\t\t\t<span class=\"elementor-post-date\">\n\t\t\t07\/05\/2025\t\t<\/span>\n\t\t\t\t<\/div>\n\t\t\t\t\t<\/div>\n\t\t<\/article>\n\t\t\t\t<article class=\"elementor-post elementor-grid-item post-18246 post type-post status-publish format-standard has-post-thumbnail hentry category-okategoriserad\">\n\t\t\t<div class=\"elementor-post__card\">\n\t\t\t\t<a class=\"elementor-post__thumbnail__link\" href=\"https:\/\/espoopaiva.fi\/sv\/ansok-understod-for-din-esbodagens-evenemang\/\" ><div class=\"elementor-post__thumbnail\"><img loading=\"lazy\" decoding=\"async\" width=\"1600\" height=\"2400\" src=\"https:\/\/espoopaiva.fi\/wp-content\/uploads\/2024\/04\/leffapiknik_grease_espoojuhlii_web-6-e1714128196420.jpg\" class=\"attachment-full size-full wp-image-17905\" alt=\"\" \/><\/div><\/a>\n\t\t\t\t<div class=\"elementor-post__text\">\n\t\t\t\t<h3 class=\"elementor-post__title\">\n\t\t\t<a href=\"https:\/\/espoopaiva.fi\/sv\/ansok-understod-for-din-esbodagens-evenemang\/\" >\n\t\t\t\tAns\u00f6k underst\u00f6d till ditt evenemang!\t\t\t<\/a>\n\t\t<\/h3>\n\t\t\t\t<div class=\"elementor-post__excerpt\">\n\t\t\t<p>Underst\u00f6d f\u00f6r kulturprojekt kan s\u00f6kas f\u00f6r Esbodagens evenemang. Du kan ans\u00f6ka underst\u00f6d f\u00f6r ditt eget Esbodagens program. Underst\u00f6den \u00e4r avsedda f\u00f6r kulturevenemang och andra konst- och kulturprojekt i hela Esbo.<\/p>\n\t\t<\/div>\n\t\t\t\t<\/div>\n\t\t\t\t<div class=\"elementor-post__meta-data\">\n\t\t\t\t\t<span class=\"elementor-post-date\">\n\t\t\t20\/04\/2025\t\t<\/span>\n\t\t\t\t<\/div>\n\t\t\t\t\t<\/div>\n\t\t<\/article>\n\t\t\t\t<article class=\"elementor-post elementor-grid-item post-20019 post type-post status-publish format-standard has-post-thumbnail hentry category-aktuellt\">\n\t\t\t<div class=\"elementor-post__card\">\n\t\t\t\t<a class=\"elementor-post__thumbnail__link\" href=\"https:\/\/espoopaiva.fi\/sv\/mot-esbodagen-2025\/\" ><div class=\"elementor-post__thumbnail\"><img loading=\"lazy\" decoding=\"async\" width=\"2048\" height=\"1365\" src=\"https:\/\/espoopaiva.fi\/wp-content\/uploads\/2024\/05\/20210828_KeraKollektiivi_0784_valokuvaaja_pyryantero-1-e1746530111872.jpg\" class=\"attachment-full size-full wp-image-18044\" alt=\"\" \/><\/div><\/a>\n\t\t\t\t<div class=\"elementor-post__text\">\n\t\t\t\t<h3 class=\"elementor-post__title\">\n\t\t\t<a href=\"https:\/\/espoopaiva.fi\/sv\/mot-esbodagen-2025\/\" >\n\t\t\t\tMot Esbodagen 2025!\t\t\t<\/a>\n\t\t<\/h3>\n\t\t\t\t<div class=\"elementor-post__excerpt\">\n\t\t\t<p>Nu n\u00e4r blicken \u00e5ter riktas mot v\u00e5ren och sommaren har planeringen av ett av \u00e5rets h\u00f6jdpunkter i Esbo kommit ig\u00e5ng \u2013 Esbodagen. Precis som f\u00f6rra \u00e5ret firas Esbodagen under den<\/p>\n\t\t<\/div>\n\t\t\t\t<\/div>\n\t\t\t\t<div class=\"elementor-post__meta-data\">\n\t\t\t\t\t<span class=\"elementor-post-date\">\n\t\t\t07\/04\/2025\t\t<\/span>\n\t\t\t\t<\/div>\n\t\t\t\t\t<\/div>\n\t\t<\/article>\n\t\t\t\t<\/div>\n\t\t\n\t\t\t\t<\/div>\n\t\t\t\t<\/div>\n\t\t\t\t\t<\/div>\n\t\t<\/div>\n\t\t\t\t\t\t\t<\/div>\n\t\t<\/section>\n\t\t\t\t\t\t\t<\/div>\n\t\t","protected":false},"excerpt":{"rendered":"<p>Aktuellt<\/p>\n","protected":false},"author":5,"featured_media":13547,"parent":0,"menu_order":0,"comment_status":"closed","ping_status":"closed","template":"","meta":{"inline_featured_image":false,"footnotes":""},"class_list":["post-11927","page","type-page","status-publish","has-post-thumbnail","hentry"],"yoast_head":"<!-- This site is optimized with the Yoast SEO plugin v20.12 - https:\/\/yoast.com\/wordpress\/plugins\/seo\/ -->\n<title>Aktuellt | Esbodagen<\/title>\n<meta name=\"robots\" content=\"index, follow, max-snippet:-1, max-image-preview:large, max-video-preview:-1\" \/>\n<link rel=\"canonical\" href=\"https:\/\/espoopaiva.fi\/sv\/aktuellt\/\" \/>\n<meta property=\"og:locale\" content=\"sv_SE\" \/>\n<meta property=\"og:type\" content=\"article\" \/>\n<meta property=\"og:title\" content=\"Aktuellt | Esbodagen\" \/>\n<meta property=\"og:description\" content=\"Aktuellt\" \/>\n<meta property=\"og:url\" content=\"https:\/\/espoopaiva.fi\/sv\/aktuellt\/\" \/>\n<meta property=\"og:site_name\" content=\"Esbodagen\" \/>\n<meta property=\"article:modified_time\" content=\"2025-04-17T10:49:02+00:00\" \/>\n<meta property=\"og:image\" content=\"https:\/\/espoopaiva.fi\/wp-content\/uploads\/2023\/06\/1b15dd08-1a31-417a-9360-dd89d914d9f0.jpg\" \/>\n\t<meta property=\"og:image:width\" content=\"2048\" \/>\n\t<meta property=\"og:image:height\" content=\"1365\" \/>\n\t<meta property=\"og:image:type\" content=\"image\/jpeg\" \/>\n<meta name=\"twitter:card\" content=\"summary_large_image\" \/>\n<meta name=\"twitter:label1\" content=\"Ber\u00e4knad l\u00e4stid\" \/>\n\t<meta name=\"twitter:data1\" content=\"1 minut\" \/>\n<script type=\"application\/ld+json\" class=\"yoast-schema-graph\">{\"@context\":\"https:\/\/schema.org\",\"@graph\":[{\"@type\":\"WebPage\",\"@id\":\"https:\/\/espoopaiva.fi\/sv\/aktuellt\/\",\"url\":\"https:\/\/espoopaiva.fi\/sv\/aktuellt\/\",\"name\":\"Aktuellt | Esbodagen\",\"isPartOf\":{\"@id\":\"https:\/\/espoopaiva.fi\/en\/#website\"},\"datePublished\":\"2022-05-12T12:59:48+00:00\",\"dateModified\":\"2025-04-17T10:49:02+00:00\",\"breadcrumb\":{\"@id\":\"https:\/\/espoopaiva.fi\/sv\/aktuellt\/#breadcrumb\"},\"inLanguage\":\"sv-SE\",\"potentialAction\":[{\"@type\":\"ReadAction\",\"target\":[\"https:\/\/espoopaiva.fi\/sv\/aktuellt\/\"]}]},{\"@type\":\"BreadcrumbList\",\"@id\":\"https:\/\/espoopaiva.fi\/sv\/aktuellt\/#breadcrumb\",\"itemListElement\":[{\"@type\":\"ListItem\",\"position\":1,\"name\":\"Etusivu\",\"item\":\"https:\/\/espoopaiva.fi\/sv\/etusivu\/\"},{\"@type\":\"ListItem\",\"position\":2,\"name\":\"Aktuellt\"}]},{\"@type\":\"WebSite\",\"@id\":\"https:\/\/espoopaiva.fi\/en\/#website\",\"url\":\"https:\/\/espoopaiva.fi\/en\/\",\"name\":\"Espoo-p\u00e4iv\u00e4\",\"description\":\"\",\"potentialAction\":[{\"@type\":\"SearchAction\",\"target\":{\"@type\":\"EntryPoint\",\"urlTemplate\":\"https:\/\/espoopaiva.fi\/en\/?s={search_term_string}\"},\"query-input\":\"required name=search_term_string\"}],\"inLanguage\":\"sv-SE\"}]}<\/script>\n<!-- \/ Yoast SEO plugin. -->","yoast_head_json":{"title":"Aktuellt | Esbodagen","robots":{"index":"index","follow":"follow","max-snippet":"max-snippet:-1","max-image-preview":"max-image-preview:large","max-video-preview":"max-video-preview:-1"},"canonical":"https:\/\/espoopaiva.fi\/sv\/aktuellt\/","og_locale":"sv_SE","og_type":"article","og_title":"Aktuellt | Esbodagen","og_description":"Aktuellt","og_url":"https:\/\/espoopaiva.fi\/sv\/aktuellt\/","og_site_name":"Esbodagen","article_modified_time":"2025-04-17T10:49:02+00:00","og_image":[{"width":2048,"height":1365,"url":"https:\/\/espoopaiva.fi\/wp-content\/uploads\/2023\/06\/1b15dd08-1a31-417a-9360-dd89d914d9f0.jpg","type":"image\/jpeg"}],"twitter_card":"summary_large_image","twitter_misc":{"Ber\u00e4knad l\u00e4stid":"1 minut"},"schema":{"@context":"https:\/\/schema.org","@graph":[{"@type":"WebPage","@id":"https:\/\/espoopaiva.fi\/sv\/aktuellt\/","url":"https:\/\/espoopaiva.fi\/sv\/aktuellt\/","name":"Aktuellt | Esbodagen","isPartOf":{"@id":"https:\/\/espoopaiva.fi\/en\/#website"},"datePublished":"2022-05-12T12:59:48+00:00","dateModified":"2025-04-17T10:49:02+00:00","breadcrumb":{"@id":"https:\/\/espoopaiva.fi\/sv\/aktuellt\/#breadcrumb"},"inLanguage":"sv-SE","potentialAction":[{"@type":"ReadAction","target":["https:\/\/espoopaiva.fi\/sv\/aktuellt\/"]}]},{"@type":"BreadcrumbList","@id":"https:\/\/espoopaiva.fi\/sv\/aktuellt\/#breadcrumb","itemListElement":[{"@type":"ListItem","position":1,"name":"Etusivu","item":"https:\/\/espoopaiva.fi\/sv\/etusivu\/"},{"@type":"ListItem","position":2,"name":"Aktuellt"}]},{"@type":"WebSite","@id":"https:\/\/espoopaiva.fi\/en\/#website","url":"https:\/\/espoopaiva.fi\/en\/","name":"Espoo-p\u00e4iv\u00e4","description":"","potentialAction":[{"@type":"SearchAction","target":{"@type":"EntryPoint","urlTemplate":"https:\/\/espoopaiva.fi\/en\/?s={search_term_string}"},"query-input":"required name=search_term_string"}],"inLanguage":"sv-SE"}]}},"_links":{"self":[{"href":"https:\/\/espoopaiva.fi\/sv\/wp-json\/wp\/v2\/pages\/11927","targetHints":{"allow":["GET"]}}],"collection":[{"href":"https:\/\/espoopaiva.fi\/sv\/wp-json\/wp\/v2\/pages"}],"about":[{"href":"https:\/\/espoopaiva.fi\/sv\/wp-json\/wp\/v2\/types\/page"}],"author":[{"embeddable":true,"href":"https:\/\/espoopaiva.fi\/sv\/wp-json\/wp\/v2\/users\/5"}],"replies":[{"embeddable":true,"href":"https:\/\/espoopaiva.fi\/sv\/wp-json\/wp\/v2\/comments?post=11927"}],"version-history":[{"count":37,"href":"https:\/\/espoopaiva.fi\/sv\/wp-json\/wp\/v2\/pages\/11927\/revisions"}],"predecessor-version":[{"id":19827,"href":"https:\/\/espoopaiva.fi\/sv\/wp-json\/wp\/v2\/pages\/11927\/revisions\/19827"}],"wp:featuredmedia":[{"embeddable":true,"href":"https:\/\/espoopaiva.fi\/sv\/wp-json\/wp\/v2\/media\/13547"}],"wp:attachment":[{"href":"https:\/\/espoopaiva.fi\/sv\/wp-json\/wp\/v2\/media?parent=11927"}],"curies":[{"name":"wp","href":"https:\/\/api.w.org\/{rel}","templated":true}]}}